{"id":10,"date":"2024-12-07T23:08:55","date_gmt":"2024-12-07T22:08:55","guid":{"rendered":"https:\/\/www.periferieprahy.cz\/blog\/?page_id=10"},"modified":"2025-07-13T00:21:36","modified_gmt":"2025-07-12T22:21:36","slug":"uvod","status":"publish","type":"page","link":"https:\/\/www.periferieprahy.cz\/blog\/","title":{"rendered":"\u00davodem"},"content":{"rendered":"\n<p>\n<img loading=\"lazy\" decoding=\"async\" border=\"0\" src=\"https:\/\/www.periferieprahy.cz\/blog\/wp-content\/uploads\/2024\/12\/pismo7_21.gif\" width=\"94\" height=\"116\" align=\"left\">\u00e1\u017een\u00ed p\u0159\u00edznivci a p\u0159\u00e1tel\u00e9\u00a0 Liboce,<\/p>\n\nchceme V\u00e1s pot\u011b\u0161it proch\u00e1zkou do minulosti na\u0161\u00ed obce. D\u011bl\u00e1me to proto, \u017ee si v\u00e1\u017e\u00edme toho, co zde na\u0161i p\u0159edci vybudovali a nechceme se chovat k jejich odkazu mace\u0161sky a necitliv\u011b tak, jak se d\u011blo v minul\u00fdch letech a d\u011bje se dosud.<p>Str\u00e1nky tvo\u0159\u00ed p\u00e1r nad\u0161enc\u016f z Liboce, kte\u0159\u00ed se nebr\u00e1n\u00ed jak\u00e9koliv spolupr\u00e1ci s V\u00e1mi. Uv\u00edt\u00e1me ka\u017ed\u00e9 historick\u00e9 materi\u00e1ly, fotografie, v\u00fdst\u0159i\u017eky apod; kter\u00e9 bychom zde mohli publikovat. Posta\u010d\u00ed vlo\u017eit zpr\u00e1vu v jak\u00e9mkoliv koment\u00e1\u0159i nebo to poslat e mailem.<\/p>Nevyhazujte, pros\u00edme, tyto v\u011bci. Mohou d\u00e1le slou\u017eit v archivech!\n\n\n\n<p style=\"font-size:16px\">A jak to funguje? Na  <a href=\"https:\/\/www.google.com\/maps\/d\/u\/0\/edit?mid=1l34avZVlUXK9G5ZJYFt8EX6x9dw&amp;usp=sharing\">map\u011b <\/a> si nejd\u011bte to, o \u010dem chcete z\u00edskat informace a klikn\u011bte na to. Dal\u0161\u00ed mo\u017enost je vyu\u017e\u00edt <a href=\"https:\/\/www.periferieprahy.cz\/blog\/seznam\/\">Seznam<\/a> nebo n\u011bco z dal\u0161\u00ed nab\u00eddky horn\u00edho menu. <\/p>\n\n\n\n<p style=\"font-size:16px\">Ke ka\u017ed\u00e9mu p\u0159\u00edsp\u011bvku a na str\u00e1nce&nbsp;<strong><a href=\"https:\/\/www.periferieprahy.cz\/blog\/forum\/\" data-type=\"page\" data-id=\"17\">F\u00f3rum<\/a><\/strong>&nbsp;m\u016f\u017eete uv\u00e1d\u011bt sv\u00e9 koment\u00e1\u0159e, p\u0159ipom\u00ednky, v\u00e9st diskuzi s ostatn\u00edmi. Upozorn\u011bte a pozv\u011bte ostatn\u00ed na kon\u00e1n\u00ed r\u016fzn\u00fdch spole\u010densk\u00fdch akc\u00ed kolem Liboce, Prahy 6\u2026. Sta\u010d\u00ed jen uv\u00e9st V\u00e1mi zvolen\u00e9 jm\u00e9no a e-mailovou adresu (ta se zobraz\u00ed jen administr\u00e1torovi).&nbsp; V\u00e1\u0161 prvn\u00ed koment\u00e1\u0159 podl\u00e9h\u00e1 schvalov\u00e1n\u00ed administr\u00e1torem, dal\u0161\u00ed koment\u00e1\u0159e jsou zve\u0159ej\u0148ov\u00e1ny automaticky.&nbsp;<strong>V koment\u00e1\u0159i m\u016f\u017ee b\u00fdt jen jeden URL odkaz na jin\u00e9 str\u00e1nky.<\/strong>&nbsp;Je to prevence proti spamu a koment\u00e1\u0159e s v\u00edce odkazy jsou automaticky maz\u00e1ny.&nbsp;<\/p>\n\n\n\n<p style=\"font-size:16px\">Pokud c\u00edt\u00edte pot\u0159ebu publikovat sv\u00e9 pr\u00e1ce v\u011bt\u0161\u00edho rozsahu je lep\u0161\u00ed vlo\u017eit&nbsp;<strong>p\u0159\u00edsp\u011bvek<\/strong>, kter\u00fd V\u00e1m umo\u017en\u00ed vkl\u00e1dat obr\u00e1zky, videa, vyu\u017e\u00edt Shortk\u00f3dy apod.&nbsp; Sta\u010d\u00ed jen napsat koment\u00e1\u0159 ve&nbsp;<strong><a href=\"https:\/\/www.periferieprahy.cz\/blog\/forum\/\" data-type=\"page\" data-id=\"17\">F\u00f3ru<\/a><\/strong>&nbsp;, nap\u0159. \u201cChci napsat p\u0159\u00edsp\u011bvek jako spolupracovn\u00edk (nebo redaktor)\u201c a j\u00e1 V\u00e1m co nejd\u0159\u00edve po\u0161lu p\u0159ihla\u0161ovac\u00ed \u00fadaje s t\u00edm, \u017ee p\u0159ihla\u0161ovac\u00ed jm\u00e9no bude stejn\u00e9 jako na koment\u00e1\u0159i. Jako spolupracovn\u00edk m\u016f\u017eete p\u0159isp\u00edvat a spravovat sv\u00e9 p\u0159\u00edsp\u011bvky tvo\u0159en\u00e9 \u010dl\u00e1nky, bez mo\u017enosti vlo\u017een\u00ed medi\u00e1ln\u00edch soubor\u016f (foto, video,&#8230;) nebo jako redaktor a to u\u017e medi\u00e1ln\u00ed soubory do sv\u00fdch p\u0159\u00edsp\u011bvk\u016f m\u016f\u017eete vkl\u00e1dat. M\u016f\u017eete se tady liter\u00e1rn\u011b vy\u0159\u00e1dit na jak\u00fdkoliv n\u00e1m\u011bt. Jen dodr\u017eujte <a href=\"https:\/\/www.periferieprahy.cz\/blog\/eticky-kodex\/\">etick\u00fd kodex<\/a>.<\/p>\n\n\n\n<p class=\"has-medium-font-size\"><strong>V p\u0159\u00edpad\u011b, \u017ee se V\u00e1m n\u011bjak\u00e9 \u00fadaje, materi\u00e1ly nel\u00edb\u00ed, proto\u017ee se dot\u00fdkaj\u00ed Va\u0161\u00ed osoby \u010di rodiny, nebo se domn\u00edv\u00e1te, \u017ee jsme n\u011bkde poru\u0161ili autorsk\u00e1 pr\u00e1va, neprodlen\u011b n\u00e1m tuto skute\u010dnost, pros\u00edm, sd\u011blte abychom v\u0161e dali do n\u00e1le\u017eit\u00e9ho po\u0159\u00e1dku.<\/strong><\/p>\n\n\n\n<p>P\u0159\u00edjemn\u00e9 chv\u00edle nad t\u011bmito str\u00e1nkami V\u00e1m p\u0159eje<\/p>\n\n\n\n<p class=\"has-text-align-center\">Jaroslav \u0160er\u00e1k<\/p>\n\n\n<div class=\"wp-block-image\">\n<figure class=\"aligncenter size-full is-resized\"><img loading=\"lazy\" decoding=\"async\" width=\"417\" height=\"55\" src=\"https:\/\/www.periferieprahy.cz\/blog\/wp-content\/uploads\/2025\/01\/or45.gif\" alt=\"\" class=\"wp-image-148\" style=\"width:300px\"\/><\/figure>\n<\/div>\n\n<p align=\"justify\"><b>Bohu\u017eel n\u00e1s\u00a0 dne <a href=\"https:\/\/www.periferieprahy.cz\/blog\/wp-content\/uploads\/2025\/01\/Vladka_tomanova_parte.jpg\">15.11.2015 nav\u017edy opustila<\/a> Vla\u010fka Tomanov\u00e1.<\/b> Proto jsem se rozhodl str\u00e1nky o Liboci, kterou tak milovala, a nemalou m\u011brou p\u0159isp\u011bla k vytvo\u0159en\u00ed t\u011bchto str\u00e1nek,\u00a0 v\u011bnovat pr\u00e1v\u011b j\u00ed.\u00a0 \u00a0\u00a0<\/p>\n<p align=\"justify\">Dal\u0161\u00ed smutn\u00e1 zpr\u00e1va m\u011b zastihla v\u010dera 30. 5.2019 od pana Martina Nehasila, kter\u00fd mi sd\u011blil, \u017ee\u00a0<b>dne\u00a0<a href=\"https:\/\/www.periferieprahy.cz\/blog\/wp-content\/uploads\/2025\/01\/nehasil_boh_parte.jpg\">24. kv\u011btna 2019 zem\u0159el ve v\u011bku 83 let<\/a>\u00a0pan ing. Bohumil Nehasil<\/b>. Jeho fotky ze star\u00e9 a zmizel\u00e9 Liboce a Ruzyn\u011b s velkou dokumenta\u010dn\u00ed hodnotou jsou p\u00e1te\u0159\u00ed cel\u00e9ho pojedn\u00e1n\u00ed o libock\u00e9 a ruzy\u0148sk\u00e9 historii. Jen d\u00edky panu Nehasilovi si m\u016f\u017eeme prohl\u00e9dnout jak vypadaly d\u0159\u00edve t\u0159eba ulice Pavlovsk\u00e1 a Litovick\u00e1, jak vypadala ruzy\u0148sk\u00e1 hospoda &#8222;Na Nov\u00e9&#8220; nebo kde st\u00e1vala p\u016fvodn\u011b kapli\u010dka v Libock\u00e9 ulici. S panem Nehasilem odch\u00e1zej\u00ed i jeho vzpom\u00ednky a d\u00e1vno zapomenut\u00e1 fakta, kter\u00fdmi sv\u00e9 fotografie dokresloval. Kdy\u017e jeho fotografie budete pro sv\u00e9 pot\u011b\u0161en\u00ed prohl\u00ed\u017eet, zavzpom\u00ednejte, kdo je pro v\u00e1s zhotovil.<\/p>\n<div class=\"wp-block-image\">\u00a0<\/div>\n\n<div class=\"wp-block-image\">\n<figure class=\"aligncenter size-full is-resized\"><img loading=\"lazy\" decoding=\"async\" width=\"544\" height=\"335\" src=\"https:\/\/www.periferieprahy.cz\/blog\/wp-content\/uploads\/2025\/01\/svicka2.gif\" alt=\"\" class=\"wp-image-240\" style=\"width:400px\"\/><\/figure>\n<\/div>\n\n\n<p><\/p>\n","protected":false},"excerpt":{"rendered":"<p>\u00e1\u017een\u00ed p\u0159\u00edznivci a p\u0159\u00e1tel\u00e9\u00a0 Liboce, chceme V\u00e1s pot\u011b\u0161it proch\u00e1zkou do minulosti na\u0161\u00ed obce. D\u011bl\u00e1me to proto, \u017ee si v\u00e1\u017e\u00edme toho, co zde na\u0161i p\u0159edci vybudovali a nechceme se chovat k jejich odkazu mace\u0161sky a necitliv\u011b tak, jak se d\u011blo v minul\u00fdch letech a d\u011bje se dosud. Str\u00e1nky tvo\u0159\u00ed p\u00e1r nad\u0161enc\u016f z Liboce, kte\u0159\u00ed se nebr\u00e1n\u00ed &hellip;<br \/><a href=\"https:\/\/www.periferieprahy.cz\/blog\/\" class=\"more-link pen_button pen_element_default pen_icon_arrow_double\">Pokra\u010dovat ve\u00a0\u010dten\u00ed <span class=\"screen-reader-text\">\u00davodem<\/span><\/a><\/p>\n","protected":false},"author":1,"featured_media":0,"parent":0,"menu_order":0,"comment_status":"closed","ping_status":"closed","template":"","meta":{"_exactmetrics_skip_tracking":false,"_exactmetrics_sitenote_active":false,"_exactmetrics_sitenote_note":"","_exactmetrics_sitenote_category":0,"footnotes":""},"folder":[],"class_list":["post-10","page","type-page","status-publish","hentry"],"_links":{"self":[{"href":"https:\/\/www.periferieprahy.cz\/blog\/wp-json\/wp\/v2\/pages\/10","targetHints":{"allow":["GET"]}}],"collection":[{"href":"https:\/\/www.periferieprahy.cz\/blog\/wp-json\/wp\/v2\/pages"}],"about":[{"href":"https:\/\/www.periferieprahy.cz\/blog\/wp-json\/wp\/v2\/types\/page"}],"author":[{"embeddable":true,"href":"https:\/\/www.periferieprahy.cz\/blog\/wp-json\/wp\/v2\/users\/1"}],"replies":[{"embeddable":true,"href":"https:\/\/www.periferieprahy.cz\/blog\/wp-json\/wp\/v2\/comments?post=10"}],"version-history":[{"count":10,"href":"https:\/\/www.periferieprahy.cz\/blog\/wp-json\/wp\/v2\/pages\/10\/revisions"}],"predecessor-version":[{"id":4935,"href":"https:\/\/www.periferieprahy.cz\/blog\/wp-json\/wp\/v2\/pages\/10\/revisions\/4935"}],"wp:attachment":[{"href":"https:\/\/www.periferieprahy.cz\/blog\/wp-json\/wp\/v2\/media?parent=10"}],"wp:term":[{"taxonomy":"folder","embeddable":true,"href":"https:\/\/www.periferieprahy.cz\/blog\/wp-json\/wp\/v2\/folder?post=10"}],"curies":[{"name":"wp","href":"https:\/\/api.w.org\/{rel}","templated":true}]}}