{"id":269,"date":"2025-01-04T23:59:52","date_gmt":"2025-01-04T22:59:52","guid":{"rendered":"https:\/\/www.periferieprahy.cz\/blog\/?page_id=269"},"modified":"2025-07-10T21:55:55","modified_gmt":"2025-07-10T19:55:55","slug":"269-2","status":"publish","type":"page","link":"https:\/\/www.periferieprahy.cz\/blog\/269-2\/","title":{"rendered":"Ke \u010dten\u00ed, studiu a ke sta\u017een\u00ed"},"content":{"rendered":"\n<p>\n<img loading=\"lazy\" decoding=\"async\" border=\"0\" src=\"https:\/\/www.periferieprahy.cz\/blog\/wp-content\/uploads\/2024\/12\/pismo7_25.gif\" width=\"94\" height=\"116\" align=\"left\">t\u00e9to str\u00e1nky si m\u016f\u017eete st\u00e1hnout r\u016fzn\u00e9 zaj\u00edmavosti, vesm\u011bs ve form\u00e1tu pdf. Nebo se m\u016f\u017eete pustit do studia rovnou pouh\u00fdm kliknut\u00edm na n\u00e1zev dokumentu. V\u011b\u0159\u00edme, \u017ee V\u00e1s ur\u010dit\u011b n\u011bco z t\u00e9to nab\u00eddky pot\u011b\u0161\u00ed.\n<\/p>\n\n\n\n<figure class=\"wp-block-table is-style-regular\"><table class=\"has-fixed-layout\"><tbody><tr><td><strong>N\u00e1zev<\/strong><\/td><td><strong>Autor<\/strong><\/td><td><strong>Pozn\u00e1mka<\/strong><\/td><\/tr><tr><td><a href=\"https:\/\/www.periferieprahy.cz\/blog\/wp-content\/uploads\/2025\/01\/bila_hora.pdf\">B\u00edl\u00e1 Hora<\/a><\/td><td>Olympia 1969, kol. autor\u016f<\/td><td>Z poz\u016fstalosti pana Anton\u00edna Mare\u0161e<\/td><\/tr><tr><td><a href=\"https:\/\/www.periferieprahy.cz\/blog\/wp-content\/uploads\/2025\/01\/far_vestnik1908.pdf\">Farn\u00ed v\u011bstn\u00edk \u00fa\u0159edn\u00ed pro farnost libockou 1908<\/a><\/td><td>Majitel, vydavatel a redaktor Vlastimil H\u00e1lek, far\u00e1\u0159 v Liboci&nbsp;&nbsp;&nbsp;&nbsp;&nbsp;&nbsp;<\/td><td>Univerzitn\u00ed knihovna<\/td><\/tr><tr><td><a href=\"https:\/\/www.periferieprahy.cz\/blog\/wp-content\/uploads\/2025\/01\/far_vestnik1909.pdf\">Farn\u00ed v\u011bstn\u00edk \u00fa\u0159edn\u00ed pro farnost libockou 1909<\/a><\/td><td>Majitel, vydavatel a redaktor Vlastimil H\u00e1lek, far\u00e1\u0159 v Liboci<\/td><td>Univerzitn\u00ed knihovna<\/td><\/tr><tr><td><a href=\"https:\/\/www.periferieprahy.cz\/blog\/wp-content\/uploads\/2025\/01\/far_vestnik1910.pdf\">Farn\u00ed v\u011bstn\u00edk \u00fa\u0159edn\u00ed pro farnost libockou 1910<\/a><\/td><td>Majitel, vydavatel a redaktor Vlastimil H\u00e1lek, far\u00e1\u0159 v Liboci<\/td><td>Univerzitn\u00ed knihovna<\/td><\/tr><tr><td><a href=\"https:\/\/www.periferieprahy.cz\/blog\/wp-content\/uploads\/2025\/01\/far_vestnik1911.pdf\">Farn\u00ed v\u011bstn\u00edk \u00fa\u0159edn\u00ed pro farnost libockou 1911<\/a><\/td><td>Majitel, vydavatel a redaktor Vlastimil H\u00e1lek, far\u00e1\u0159 v Liboci<\/td><td>Univerzitn\u00ed knihovna<\/td><\/tr><tr><td><a href=\"https:\/\/www.periferieprahy.cz\/blog\/wp-content\/uploads\/2025\/01\/far_vestnik1912.pdf\">Farn\u00ed v\u011bstn\u00edk \u00fa\u0159edn\u00ed pro farnost libockou 1912<\/a><\/td><td>Majitel, vydavatel a redaktor Vlastimil H\u00e1lek, far\u00e1\u0159 v Liboci<\/td><td>Univerzitn\u00ed knihovna<\/td><\/tr><tr><td><a href=\"https:\/\/www.periferieprahy.cz\/blog\/wp-content\/uploads\/2025\/01\/far_vestnik1913.pdf\">Farn\u00ed v\u011bstn\u00edk \u00fa\u0159edn\u00ed pro farnost libockou 1913<\/a><\/td><td>Majitel, vydavatel a redaktor Vlastimil H\u00e1lek, far\u00e1\u0159 v Liboci<\/td><td>Univerzitn\u00ed knihovna<\/td><\/tr><tr><td><a href=\"https:\/\/www.periferieprahy.cz\/blog\/wp-content\/uploads\/2025\/01\/far_vestnik1914.pdf\">Farn\u00ed v\u011bstn\u00edk \u00fa\u0159edn\u00ed pro farnost libockou 1914<\/a><\/td><td>Majitel, vydavatel a redaktor Vlastimil H\u00e1lek, far\u00e1\u0159 v Liboci<\/td><td>Univerzitn\u00ed knihovna<\/td><\/tr><tr><td><a href=\"https:\/\/www.periferieprahy.cz\/blog\/wp-content\/uploads\/2025\/01\/far_vestnik1915.pdf\">Farn\u00ed v\u011bstn\u00edk \u00fa\u0159edn\u00ed pro farnost libockou 1915<\/a><\/td><td>Majitel, vydavatel a redaktor Vlastimil H\u00e1lek, far\u00e1\u0159 v Liboci<\/td><td>Univerzitn\u00ed knihovna<\/td><\/tr><tr><td><a href=\"https:\/\/www.periferieprahy.cz\/blog\/wp-content\/uploads\/2025\/01\/far_vestnik1916.pdf\">Farn\u00ed v\u011bstn\u00edk \u00fa\u0159edn\u00ed pro farnost libockou 1916<\/a><\/td><td>Majitel, vydavatel a redaktor Vlastimil H\u00e1lek, far\u00e1\u0159 v Liboci<\/td><td>Univerzitn\u00ed knihovna<\/td><\/tr><tr><td><a href=\"https:\/\/www.periferieprahy.cz\/blog\/wp-content\/uploads\/2025\/01\/historie_farnosti_1.pdf\">Historie libock\u00e9 farnosti \u010d\u00e1st 1.<\/a><\/td><td>\u00a0Opisy text\u016f<\/td><td>S p\u0159isp\u011bn\u00edm pani Vladim\u00edry Tomanov\u00e9<\/td><\/tr><tr><td><a href=\"https:\/\/www.periferieprahy.cz\/blog\/wp-content\/uploads\/2025\/01\/historie_farnosti_2.pdf\">Historie libock\u00e9 farnosti \u010d\u00e1st 2.<\/a><\/td><td>\u00a0Opisy text\u016f<\/td><td>S p\u0159isp\u011bn\u00edm pani Vladim\u00edry Tomanov\u00e9<\/td><\/tr><tr><td><a href=\"https:\/\/www.periferieprahy.cz\/blog\/wp-content\/uploads\/2025\/01\/kronika_lib_farnosti_1940.pdf\">Kronika libock\u00e9 farnosti z roku 1940<\/a><\/td><td>&nbsp;<\/td><td>Z poz\u016fstalosti pana Anton\u00edna Mare\u0161e<\/td><\/tr><tr><td><a href=\"https:\/\/www.periferieprahy.cz\/blog\/wp-content\/uploads\/2025\/01\/kronika1.pdf\">Kronika star\u00e9 libock\u00e9 \u0161koly 1. \u010d\u00e1st<\/a><\/td><td>&nbsp;<\/td><td>Ulo\u017eeno v Z\u0160 D\u011bdina<\/td><\/tr><tr><td><a href=\"https:\/\/www.periferieprahy.cz\/blog\/wp-content\/uploads\/2025\/01\/kronika2.pdf\">Kronika star\u00e9 libock\u00e9 \u0161koly 2. \u010d\u00e1st<\/a><\/td><td>&nbsp;<\/td><td>Ulo\u017eeno v Z\u0160 D\u011bdina<\/td><\/tr><tr><td><a href=\"https:\/\/www.periferieprahy.cz\/blog\/wp-content\/uploads\/2025\/01\/kronika3.pdf\">Kronika star\u00e9 libock\u00e9 \u0161koly 3. \u010d\u00e1st<\/a><\/td><td>&nbsp;<\/td><td>Ulo\u017eeno v Z\u0160 D\u011bdina<\/td><\/tr><tr><td><a href=\"https:\/\/www.periferieprahy.cz\/blog\/wp-content\/uploads\/2025\/01\/mirove_slavnosti.pdf\">M\u00edrov\u00e9 slavnosti v obo\u0159e Hv\u011bzda 1974, 77<\/a><\/td><td>&nbsp;<\/td><td>Z poz\u016fstalosti pana Anton\u00edna Mare\u0161e<\/td><\/tr><tr><td><a href=\"https:\/\/www.periferieprahy.cz\/blog\/wp-content\/uploads\/2025\/01\/placht_moje_liboc_40let.pdf\">Moje Liboc \u010dty\u0159ic\u00e1t\u00fdch let<\/a><\/td><td>Jarmila Plachtov\u00e1 (1930 &#8211; 2002)<\/td><td>S p\u0159isp\u011bn\u00edm pan\u00ed Bohumily Tnkov\u00e9<\/td><\/tr><tr><td><a href=\"https:\/\/www.periferieprahy.cz\/blog\/wp-content\/uploads\/2025\/01\/palat_moje_pameti.pdf\">Moje pam\u011bti<\/a><\/td><td>Pal\u00e1t Josef<\/td><td>S p\u0159isp\u011bn\u00edm pan\u00ed Vladim\u00edry Tomanov\u00e9<\/td><\/tr><tr><td><a href=\"https:\/\/www.periferieprahy.cz\/blog\/wp-content\/uploads\/2025\/06\/cp268_1.jpg\">O prvn\u00ed pra\u017esk\u00e9 pouti<\/a><\/td><td>L. Konop\u00edkov\u00e1&nbsp; 2.2.1974<\/td><td>S p\u0159isp\u011bn\u00edm pan\u00ed Vladim\u00edry Tomanov\u00e9<\/td><\/tr><tr><td><a href=\"https:\/\/www.periferieprahy.cz\/blog\/wp-content\/uploads\/2025\/01\/libockamineralka.pdf\">Pojedn\u00e1n\u00ed o kyselce &#8222;Libock\u00e1&#8220;<\/a><\/td><td>Ro\u010denka Libock\u00e1 1907<\/td><td>S p\u0159isp\u011bn\u00ed pan\u00ed Vladim\u00edry Tomanov\u00e9<\/td><\/tr><tr><td><a href=\"https:\/\/www.periferieprahy.cz\/blog\/wp-content\/uploads\/2025\/01\/skolka.pdf\">Sb\u00edhavka<\/a><\/td><td>Z kronik a alb mate\u0159sk\u00e9 \u0161koly ve Sb\u00edhav\u00e9<\/td><td>&nbsp;<\/td><\/tr><tr><td><a href=\"https:\/\/www.periferieprahy.cz\/blog\/wp-content\/uploads\/2025\/01\/stanovy_hasici.pdf\">Stanovy sboru dobrovoln\u00fdch hasi\u010d\u016f v Praze Liboci<\/a><\/td><td>&nbsp;<\/td><td>Z poz\u016fstalosti pana Anton\u00edna Mare\u0161e<\/td><\/tr><tr><td><a href=\"https:\/\/www.periferieprahy.cz\/blog\/wp-content\/uploads\/2025\/01\/farni_kronika1.pdf\">Str\u00e1nky z kronik \u010d\u00e1st 1. str\u00e1nky 1 a\u017e 99<\/a><\/td><td>Opisy text\u016f libock\u00fdch kronik<\/td><td>Z poz\u016fstalosti pana Anton\u00edna Mare\u0161e<\/td><\/tr><tr><td><a href=\"https:\/\/www.periferieprahy.cz\/blog\/wp-content\/uploads\/2025\/01\/farni_kronika2.pdf\">Str\u00e1nky z kronik \u010d\u00e1st 2. str\u00e1nky 100 a\u017e 126<\/a><\/td><td>Opisy text\u016f libock\u00fdch kronik<\/td><td>Z poz\u016fstalosti pana Anton\u00edna Mare\u0161e<\/td><\/tr><tr><td><a href=\"https:\/\/www.periferieprahy.cz\/blog\/wp-content\/uploads\/2025\/01\/vestnik_sokol_1937.pdf\">V\u011bstn\u00edk podb\u011blohorsk\u00e9 \u017eupy sokolsk\u00e9, \u0159\u00edjen 1937<\/a><\/td><td>&nbsp;<\/td><td>Z poz\u016fstalosti pana Anton\u00edna Mare\u0161e<\/td><\/tr><tr><td><a href=\"https:\/\/www.periferieprahy.cz\/blog\/2025\/03\/16\/nouz-c-9-vzpominka-na-leopolda-felixe\/\">Vzpom\u00ednka na Leopolda Felixe<\/a><\/td><td>Bohumila Trnkov\u00e1<\/td><td>S p\u0159isp\u011bn\u00edm pan\u00ed Vladim\u00edry Tomanov\u00e9<\/td><\/tr><tr><td><a href=\"https:\/\/www.periferieprahy.cz\/blog\/wp-content\/uploads\/2025\/01\/odboj.pdf\">Zprava o \u010dinnosti bojov\u00e9 skupiny &#8222;Vladim\u00edr&#8220; a Zpr\u00e1va o odboji na \u00fazem\u00ed Liboce<\/a><\/td><td>Anton\u00edn Mare\u0161, MUDr Ladislav K\u016frka, Jaroslav \u0160nobl<\/td><td>&nbsp;Z poz\u016fstalosti pana Anton\u00edna Mare\u0161e<\/td><\/tr><tr><td><a href=\"https:\/\/www.periferieprahy.cz\/blog\/wp-content\/uploads\/2025\/01\/zpravodaj_sokola.pdf\">Zpravodaj Sokola Praha Liboc \u010d. 3 \/ 1937<\/a><\/td><td>&nbsp;<\/td><td>Z poz\u016fstalosti pana Anton\u00edna Mare\u0161e<\/td><\/tr><tr><td><a href=\"https:\/\/www.periferieprahy.cz\/blog\/wp-content\/uploads\/2025\/01\/Archeo_liboc_ryir.pdf\">P\u0159edb\u011b\u017en\u00e1 zpr\u00e1va o v\u00fdzkumu polykulturn\u00ed lokality Liboc, Rybni\u010dn\u00e1<\/a><\/td><td>Mgr. Ladislav Ryt\u00ed\u0159<\/td><td>Pozn\u00e1mkami v z\u00e1v\u011bru doplnil se souhlasem autora Jaroslav \u0160er\u00e1k<\/td><\/tr><\/tbody><\/table><\/figure>\n","protected":false},"excerpt":{"rendered":"<p>t\u00e9to str\u00e1nky si m\u016f\u017eete st\u00e1hnout r\u016fzn\u00e9 zaj\u00edmavosti, vesm\u011bs ve form\u00e1tu pdf. Nebo se m\u016f\u017eete pustit do studia rovnou pouh\u00fdm kliknut\u00edm na n\u00e1zev dokumentu. V\u011b\u0159\u00edme, \u017ee V\u00e1s ur\u010dit\u011b n\u011bco z t\u00e9to nab\u00eddky pot\u011b\u0161\u00ed. N\u00e1zev Autor Pozn\u00e1mka B\u00edl\u00e1 Hora Olympia 1969, kol. autor\u016f Z poz\u016fstalosti pana Anton\u00edna Mare\u0161e Farn\u00ed v\u011bstn\u00edk \u00fa\u0159edn\u00ed pro farnost libockou 1908 Majitel, vydavatel &hellip;<br \/><a href=\"https:\/\/www.periferieprahy.cz\/blog\/269-2\/\" class=\"more-link pen_button pen_element_default pen_icon_arrow_double\">Pokra\u010dovat ve\u00a0\u010dten\u00ed <span class=\"screen-reader-text\">Ke \u010dten\u00ed, studiu a ke sta\u017een\u00ed<\/span><\/a><\/p>\n","protected":false},"author":1,"featured_media":0,"parent":0,"menu_order":0,"comment_status":"open","ping_status":"closed","template":"","meta":{"_exactmetrics_skip_tracking":false,"_exactmetrics_sitenote_active":false,"_exactmetrics_sitenote_note":"","_exactmetrics_sitenote_category":0,"footnotes":""},"folder":[],"class_list":["post-269","page","type-page","status-publish","hentry"],"_links":{"self":[{"href":"https:\/\/www.periferieprahy.cz\/blog\/wp-json\/wp\/v2\/pages\/269","targetHints":{"allow":["GET"]}}],"collection":[{"href":"https:\/\/www.periferieprahy.cz\/blog\/wp-json\/wp\/v2\/pages"}],"about":[{"href":"https:\/\/www.periferieprahy.cz\/blog\/wp-json\/wp\/v2\/types\/page"}],"author":[{"embeddable":true,"href":"https:\/\/www.periferieprahy.cz\/blog\/wp-json\/wp\/v2\/users\/1"}],"replies":[{"embeddable":true,"href":"https:\/\/www.periferieprahy.cz\/blog\/wp-json\/wp\/v2\/comments?post=269"}],"version-history":[{"count":8,"href":"https:\/\/www.periferieprahy.cz\/blog\/wp-json\/wp\/v2\/pages\/269\/revisions"}],"predecessor-version":[{"id":4924,"href":"https:\/\/www.periferieprahy.cz\/blog\/wp-json\/wp\/v2\/pages\/269\/revisions\/4924"}],"wp:attachment":[{"href":"https:\/\/www.periferieprahy.cz\/blog\/wp-json\/wp\/v2\/media?parent=269"}],"wp:term":[{"taxonomy":"folder","embeddable":true,"href":"https:\/\/www.periferieprahy.cz\/blog\/wp-json\/wp\/v2\/folder?post=269"}],"curies":[{"name":"wp","href":"https:\/\/api.w.org\/{rel}","templated":true}]}}